{"id":37,"date":"2023-01-30T15:24:09","date_gmt":"2023-01-30T15:24:09","guid":{"rendered":"https:\/\/palazzo.cambia-marketing.it\/?page_id=37"},"modified":"2026-03-09T13:45:26","modified_gmt":"2026-03-09T13:45:26","slug":"la-storia","status":"publish","type":"page","link":"https:\/\/ilpalazzo.eu\/en\/la-storia\/","title":{"rendered":"History"},"content":{"rendered":"\t\t<div data-elementor-type=\"wp-page\" data-elementor-id=\"37\" class=\"elementor elementor-37\" data-elementor-post-type=\"page\">\n\t\t\t\t\t\t<section class=\"elementor-section elementor-top-section elementor-element elementor-element-4e95db3 elementor-section-full_width elementor-reverse-tablet elementor-reverse-mobile elementor-section-height-default elementor-section-height-default\" data-id=\"4e95db3\" data-element_type=\"section\" data-e-type=\"section\">\n\t\t\t\t\t\t<div class=\"elementor-container elementor-column-gap-default\">\n\t\t\t\t\t<div class=\"elementor-column elementor-col-50 elementor-top-column elementor-element elementor-element-a60d9c7\" data-id=\"a60d9c7\" data-element_type=\"column\" data-e-type=\"column\">\n\t\t\t<div class=\"elementor-widget-wrap elementor-element-populated\">\n\t\t\t\t\t\t<div class=\"elementor-element elementor-element-40fa33c elementor-widget elementor-widget-text-editor\" data-id=\"40fa33c\" data-element_type=\"widget\" data-e-type=\"widget\" data-widget_type=\"text-editor.default\">\n\t\t\t\t<div class=\"elementor-widget-container\">\n\t\t\t\t\t\t\t\t\t<p style=\"font-weight: 400;\">Nel tardo Medioevo, Il Palazzo assunse l\u2019aspetto che conserva ancora oggi, con tracce storiche visibili nell&#8217;architettura e nelle leggende che lo circondano. Le sue origini si intrecciano con quelle degli Etruschi, un popolo antico che abitava queste terre nel VII secolo a.C. Tuttavia, il nome \u201cIl Palazzo\u201d deriva dai Romani, che lo utilizzarono come stazione militare lungo la via del Sale, un&#8217;importante arteria che collegava Rimini a Roma.\nSituato vicino ad Antria, a pochi chilometri da Arezzo, Il Palazzo \u00e8 un luogo dove il passato e il presente si incontrano, immerso nel cuore della Toscana. \n\nOggi, Il Palazzo \u00e8 anche una rinomata azienda vitivinicola, dove i nostri vini e l&#8217;olio nascono da un\u2019agricoltura sostenibile e rispettosa del territorio. Ogni bottiglia \u00e8 il frutto della passione per il nostro lavoro e dell&#8217;amore per la tradizione toscana.<\/p>\t\t\t\t\t\t\t\t<\/div>\n\t\t\t\t<\/div>\n\t\t\t\t\t<\/div>\n\t\t<\/div>\n\t\t\t\t<div class=\"elementor-column elementor-col-50 elementor-top-column elementor-element elementor-element-fd83c61\" data-id=\"fd83c61\" data-element_type=\"column\" data-e-type=\"column\" data-settings=\"{&quot;background_background&quot;:&quot;classic&quot;}\">\n\t\t\t<div class=\"elementor-widget-wrap elementor-element-populated\">\n\t\t\t\t\t\t<div class=\"elementor-element elementor-element-1e69c7e elementor-widget elementor-widget-spacer\" data-id=\"1e69c7e\" data-element_type=\"widget\" data-e-type=\"widget\" data-widget_type=\"spacer.default\">\n\t\t\t\t<div class=\"elementor-widget-container\">\n\t\t\t\t\t\t\t<div class=\"elementor-spacer\">\n\t\t\t<div class=\"elementor-spacer-inner\"><\/div>\n\t\t<\/div>\n\t\t\t\t\t\t<\/div>\n\t\t\t\t<\/div>\n\t\t\t\t\t<\/div>\n\t\t<\/div>\n\t\t\t\t\t<\/div>\n\t\t<\/section>\n\t\t\t\t<section class=\"elementor-section elementor-top-section elementor-element elementor-element-f85b6a5 elementor-section-full_width elementor-section-height-default elementor-section-height-default\" data-id=\"f85b6a5\" data-element_type=\"section\" data-e-type=\"section\" data-settings=\"{&quot;background_background&quot;:&quot;classic&quot;}\">\n\t\t\t\t\t\t<div class=\"elementor-container elementor-column-gap-default\">\n\t\t\t\t\t<div class=\"elementor-column elementor-col-100 elementor-top-column elementor-element elementor-element-65d2457\" data-id=\"65d2457\" data-element_type=\"column\" data-e-type=\"column\">\n\t\t\t<div class=\"elementor-widget-wrap elementor-element-populated\">\n\t\t\t\t\t\t<div class=\"elementor-element elementor-element-cd6ec5a elementor-widget elementor-widget-image\" data-id=\"cd6ec5a\" data-element_type=\"widget\" data-e-type=\"widget\" data-widget_type=\"image.default\">\n\t\t\t\t<div class=\"elementor-widget-container\">\n\t\t\t\t\t\t\t\t\t\t\t\t\t\t\t<img fetchpriority=\"high\" decoding=\"async\" width=\"1601\" height=\"1045\" src=\"https:\/\/ilpalazzo.eu\/wp-content\/uploads\/2023\/01\/Palazzo-2.jpg\" class=\"attachment-full size-full wp-image-214\" alt=\"\" srcset=\"https:\/\/ilpalazzo.eu\/wp-content\/uploads\/2023\/01\/Palazzo-2.jpg 1601w, https:\/\/ilpalazzo.eu\/wp-content\/uploads\/2023\/01\/Palazzo-2-300x196.jpg 300w, https:\/\/ilpalazzo.eu\/wp-content\/uploads\/2023\/01\/Palazzo-2-600x392.jpg 600w, https:\/\/ilpalazzo.eu\/wp-content\/uploads\/2023\/01\/Palazzo-2-1024x668.jpg 1024w, https:\/\/ilpalazzo.eu\/wp-content\/uploads\/2023\/01\/Palazzo-2-768x501.jpg 768w, https:\/\/ilpalazzo.eu\/wp-content\/uploads\/2023\/01\/Palazzo-2-1536x1003.jpg 1536w\" sizes=\"(max-width: 1601px) 100vw, 1601px\" \/>\t\t\t\t\t\t\t\t\t\t\t\t\t\t\t<\/div>\n\t\t\t\t<\/div>\n\t\t\t\t<div class=\"elementor-element elementor-element-54e48c9 elementor-widget elementor-widget-heading\" data-id=\"54e48c9\" data-element_type=\"widget\" data-e-type=\"widget\" data-widget_type=\"heading.default\">\n\t\t\t\t<div class=\"elementor-widget-container\">\n\t\t\t\t\t<h2 class=\"elementor-heading-title elementor-size-default\">LA STORIA AI<br>\nGiorni Nostri<\/h2>\t\t\t\t<\/div>\n\t\t\t\t<\/div>\n\t\t\t\t<div class=\"elementor-element elementor-element-a715a40 elementor-widget elementor-widget-text-editor\" data-id=\"a715a40\" data-element_type=\"widget\" data-e-type=\"widget\" data-widget_type=\"text-editor.default\">\n\t\t\t\t<div class=\"elementor-widget-container\">\n\t\t\t\t\t\t\t\t\tNegli anni &#8217;50, la famiglia Banelli acquist\u00f2 la Tenuta, riportandola a nuova vita e valorizzando la sua storia, le memorie e le eccellenze che essa racchiudeva. Oggi, Il Palazzo \u00e8 un luogo dove tradizione e innovazione si incontrano, dando vita a un&#8217;azienda agricola e vitivinicola che pone al centro la sostenibilit\u00e0, l&#8217;ospitalit\u00e0 e la genuinit\u00e0 della cucina contadina.\nSfogliando idealmente le pagine di questo racconto, scopriremo una storia fatta di passione, autenticit\u00e0 e il desiderio di offrire un&#8217;esperienza unica, che celebra il nostro territorio e la sua ricchezza.\t\t\t\t\t\t\t\t<\/div>\n\t\t\t\t<\/div>\n\t\t\t\t\t<\/div>\n\t\t<\/div>\n\t\t\t\t\t<\/div>\n\t\t<\/section>\n\t\t\t\t<section class=\"elementor-section elementor-top-section elementor-element elementor-element-96b47f6 elementor-hidden-desktop elementor-hidden-tablet elementor-hidden-mobile elementor-section-boxed elementor-section-height-default elementor-section-height-default\" data-id=\"96b47f6\" data-element_type=\"section\" data-e-type=\"section\">\n\t\t\t\t\t\t<div class=\"elementor-container elementor-column-gap-default\">\n\t\t\t\t\t<div class=\"elementor-column elementor-col-100 elementor-top-column elementor-element elementor-element-9c2518d\" data-id=\"9c2518d\" data-element_type=\"column\" data-e-type=\"column\">\n\t\t\t<div class=\"elementor-widget-wrap elementor-element-populated\">\n\t\t\t\t\t\t<div class=\"elementor-element elementor-element-ba134e0 elementor-widget elementor-widget-html\" data-id=\"ba134e0\" data-element_type=\"widget\" data-e-type=\"widget\" data-widget_type=\"html.default\">\n\t\t\t\t<div class=\"elementor-widget-container\">\n\t\t\t\t\t<script type=\"application\/ld+json\">\n{\n  \"@context\": \"https:\/\/schema.org\",\n  \"@type\": \"FAQPage\",\n  \"mainEntity\": [\n    {\n      \"@type\": \"Question\",\n      \"name\": \"Quali sono le origini storiche della Tenuta Il Palazzo?\",\n      \"acceptedAnswer\": {\n        \"@type\": \"Answer\",\n        \"text\": \"Le origini della tenuta risalgono al periodo Etrusco (VII secolo a.C.). Nel tardo Medioevo l'edificio ha assunto l'attuale conformazione architettonica, mantenendo tracce visibili della sua evoluzione secolare nel cuore della Toscana.\"\n      }\n    },\n    {\n      \"@type\": \"Question\",\n      \"name\": \"Cos'era Il Palazzo in epoca romana?\",\n      \"acceptedAnswer\": {\n        \"@type\": \"Answer\",\n        \"text\": \"In epoca romana, Il Palazzo era utilizzato come stazione militare strategica lungo la Via del Sale, l'importante asse di collegamento tra Rimini e Roma situato nei pressi di Antria, a pochi chilometri da Arezzo.\"\n      }\n    },\n    {\n      \"@type\": \"Question\",\n      \"name\": \"Da quando la famiglia Banelli gestisce la tenuta?\",\n      \"acceptedAnswer\": {\n        \"@type\": \"Answer\",\n        \"text\": \"La famiglia Banelli ha acquistato la tenuta negli anni Cinquanta, sebbene la storia moderna dell'azienda agricola sia iniziata nel 1946. Sotto la loro guida, la struttura \u00e8 stata valorizzata come eccellenza vitivinicola e agrituristica.\"\n      }\n    },\n    {\n      \"@type\": \"Question\",\n      \"name\": \"Come convivono storia e sostenibilit\u00e0 a Il Palazzo?\",\n      \"acceptedAnswer\": {\n        \"@type\": \"Answer\",\n        \"text\": \"Oggi la tenuta coniuga il recupero degli edifici storici con l'agricoltura sostenibile, producendo vini e olio extravergine nel rispetto dei cicli naturali e dell'ambiente, mantenendo vivo il legame profondo con la terra di Arezzo.\"\n      }\n    }\n  ]\n}\n<\/script>\n\n<style>\n    \/* STILE FAQ - Design Coerente con ilpalazzo.eu *\/\n    .storia-faq-container {\n        max-width: 900px;\n        margin: 50px auto;\n        font-family: \"Playfair Display\", serif;\n        color: #333;\n        padding: 0 20px;\n    }\n\n    .storia-faq-title {\n        text-align: center;\n        font-size: 28px;\n        margin-bottom: 45px;\n        color: #5a4a42;\n        letter-spacing: 1.5px;\n        text-transform: uppercase;\n        border-bottom: 1px solid #d4c4b5;\n        display: inline-block;\n        width: 100%;\n        padding-bottom: 15px;\n    }\n\n    .faq-item-storia {\n        border-bottom: 1px solid #eee;\n        padding: 22px 0;\n    }\n\n    .faq-question-storia {\n        display: flex;\n        justify-content: space-between;\n        align-items: center;\n        cursor: pointer;\n        font-size: 18px;\n        font-weight: 500;\n        color: #4a4a4a;\n        transition: all 0.3s ease;\n    }\n\n    .faq-question-storia:hover {\n        color: #b08d57;\n    }\n\n    .faq-answer-storia {\n        max-height: 0;\n        overflow: hidden;\n        transition: all 0.5s cubic-bezier(0, 1, 0, 1);\n        font-family: \"Montserrat\", sans-serif;\n        font-size: 15.5px;\n        line-height: 1.7;\n        color: #777;\n    }\n\n    .faq-item-storia.active .faq-answer-storia {\n        max-height: 500px;\n        padding-top: 18px;\n    }\n\n    \/* Icona Plus\/Minus personalizzata *\/\n    .faq-toggle-icon {\n        position: relative;\n        width: 14px;\n        height: 14px;\n        flex-shrink: 0;\n        margin-left: 15px;\n    }\n\n    .faq-toggle-icon::before, .faq-toggle-icon::after {\n        content: '';\n        position: absolute;\n        background-color: #b08d57;\n        transition: transform 0.3s ease;\n    }\n\n    .faq-toggle-icon::before {\n        width: 100%;\n        height: 1px;\n        top: 50%;\n        left: 0;\n        transform: translateY(-50%);\n    }\n\n    .faq-toggle-icon::after {\n        width: 1px;\n        height: 100%;\n        left: 50%;\n        top: 0;\n        transform: translateX(-50%);\n    }\n\n    .faq-item-storia.active .faq-toggle-icon::after {\n        transform: translateX(-50%) rotate(90deg);\n        opacity: 0;\n    }\n<\/style>\n\n<div class=\"storia-faq-container\">\n    <h2 class=\"storia-faq-title\">Approfondimenti Storici<\/h2>\n\n    <div class=\"faq-item-storia\">\n        <div class=\"faq-question-storia\">\n            Quali sono le origini pi\u00f9 antiche della Tenuta Il Palazzo?\n            <div class=\"faq-toggle-icon\"><\/div>\n        <\/div>\n        <div class=\"faq-answer-storia\">\n            Le radici del luogo affondano nel VII secolo a.C., periodo in cui il territorio di Arezzo era abitato dal popolo Etrusco. Tracce di questo passato millenario sono ancora oggi parte integrante dell\u2019identit\u00e0 della tenuta, che ha visto stratificarsi secoli di civilt\u00e0 rurale e storica.\n        <\/div>\n    <\/div>\n\n    <div class=\"faq-item-storia\">\n        <div class=\"faq-question-storia\">\n            Qual era il ruolo del Palazzo durante l'Impero Romano?\n            <div class=\"faq-toggle-icon\"><\/div>\n        <\/div>\n        <div class=\"faq-answer-storia\">\n            Sotto il dominio di Roma, la struttura assunse una funzione strategica fondamentale. Grazie alla sua posizione elevata nei pressi di Antria, divenne una stazione militare di controllo lungo la Via del Sale, il celebre collegamento che univa l'Adriatico (Rimini) alla Capitale (Roma).\n        <\/div>\n    <\/div>\n\n    <div class=\"faq-item-storia\">\n        <div class=\"faq-question-storia\">\n            Come \u00e8 avvenuto il passaggio alla famiglia Banelli?\n            <div class=\"faq-toggle-icon\"><\/div>\n        <\/div>\n        <div class=\"faq-answer-storia\">\n            Il legame della famiglia Banelli con la tenuta nasce formalmente nel 1946, consolidandosi negli anni Cinquanta con l'acquisto della propriet\u00e0. La famiglia ha lavorato per decenni per restituire splendore alle strutture storiche e valorizzare le eccellenze agricole come il vino e l'olio, tramandando la tradizione di generazione in generazione.\n        <\/div>\n    <\/div>\n\n    <div class=\"faq-item-storia\">\n        <div class=\"faq-question-storia\">\n            \u00c8 possibile visitare le strutture medievali originali?\n            <div class=\"faq-toggle-icon\"><\/div>\n        <\/div>\n        <div class=\"faq-answer-storia\">\n            S\u00ec, l'architettura attuale conserva l'impronta assunta nel tardo Medioevo. Durante il soggiorno o i tour guidati, gli ospiti possono ammirare il sapiente restauro di ambienti storici come le antiche scuderie, i fienili e le cantine, oggi trasformati in spazi di ospitalit\u00e0 ed eleganza.\n        <\/div>\n    <\/div>\n<\/div>\n\n<script>\n    document.querySelectorAll('.faq-question-storia').forEach(question => {\n        question.addEventListener('click', () => {\n            const item = question.parentElement;\n            \/\/ Chiude gli altri (opzionale, per un effetto pulito)\n            document.querySelectorAll('.faq-item-storia').forEach(otherItem => {\n                if (otherItem !== item) otherItem.classList.remove('active');\n            });\n            item.classList.toggle('active');\n        });\n    });\n<\/script>\t\t\t\t<\/div>\n\t\t\t\t<\/div>\n\t\t\t\t\t<\/div>\n\t\t<\/div>\n\t\t\t\t\t<\/div>\n\t\t<\/section>\n\t\t\t\t<\/div>\n\t\t","protected":false},"excerpt":{"rendered":"<p>Nel tardo Medioevo, Il Palazzo assunse l\u2019aspetto che conserva ancora oggi, con tracce storiche visibili nell&#8217;architettura e nelle leggende che lo circondano. Le sue origini si intrecciano con quelle degli Etruschi, un popolo antico che abitava queste terre nel VII secolo a.C. Tuttavia, il nome \u201cIl Palazzo\u201d deriva dai Romani, che lo utilizzarono come stazione [&hellip;]<\/p>\n","protected":false},"author":1,"featured_media":0,"parent":0,"menu_order":0,"comment_status":"closed","ping_status":"closed","template":"elementor_header_footer","meta":{"footnotes":""},"class_list":["post-37","page","type-page","status-publish","hentry"],"_links":{"self":[{"href":"https:\/\/ilpalazzo.eu\/en\/wp-json\/wp\/v2\/pages\/37","targetHints":{"allow":["GET"]}}],"collection":[{"href":"https:\/\/ilpalazzo.eu\/en\/wp-json\/wp\/v2\/pages"}],"about":[{"href":"https:\/\/ilpalazzo.eu\/en\/wp-json\/wp\/v2\/types\/page"}],"author":[{"embeddable":true,"href":"https:\/\/ilpalazzo.eu\/en\/wp-json\/wp\/v2\/users\/1"}],"replies":[{"embeddable":true,"href":"https:\/\/ilpalazzo.eu\/en\/wp-json\/wp\/v2\/comments?post=37"}],"version-history":[{"count":130,"href":"https:\/\/ilpalazzo.eu\/en\/wp-json\/wp\/v2\/pages\/37\/revisions"}],"predecessor-version":[{"id":3900,"href":"https:\/\/ilpalazzo.eu\/en\/wp-json\/wp\/v2\/pages\/37\/revisions\/3900"}],"wp:attachment":[{"href":"https:\/\/ilpalazzo.eu\/en\/wp-json\/wp\/v2\/media?parent=37"}],"curies":[{"name":"wp","href":"https:\/\/api.w.org\/{rel}","templated":true}]}}